{"id":29349,"date":"2012-10-17T12:31:53","date_gmt":"2012-10-17T10:31:53","guid":{"rendered":"http:\/\/www.berriozar.es\/udal-batzordeak\/"},"modified":"2026-02-09T09:45:36","modified_gmt":"2026-02-09T08:45:36","slug":"udal-batzordeak","status":"publish","type":"page","link":"https:\/\/www.berriozar.es\/eu\/udala\/udal-antolaketa\/udal-batzordeak\/","title":{"rendered":"Udal Batzordeak"},"content":{"rendered":"<h4>1. UDAL EGITURAREN ETA ARAUTEGI JURIDIKOAREN INFORMAZIO BATZORDEA<\/h4>\n<ul>\n<li><strong>BATZORDEBURUA:\u00a0<\/strong>Jos\u00e9 Francisco Iraizoz Aguerri (EH BILDU)<strong><br \/>\n<\/strong><\/li>\n<li><strong>BATZORDEKIDEAK:<\/strong><strong><br \/>\n<\/strong>Mar\u00eda Aranzazu R\u00edos Gonz\u00e1lez (PSN)<br \/>\nDaniel Cuesta Casta\u00f1eda (PPN)<br \/>\nFrancisco Javier Torrecillas Mart\u00ednez (UPN)<br \/>\nI\u00f1aki Bernal Lumbreras (CONTIGO-ZUREKIN)<\/li>\n<\/ul>\n<h4>2. HIRI ESPAZIOAREN ETA TRANTSIZIO EKOLOGIKOAREN INFORMAZIO BATZORDEA<\/h4>\n<ul>\n<li><strong>BATZORDEBURUA<\/strong>: Felix Jos\u00e9 Puyo Rebollo (EH BILDU)<\/li>\n<li><strong>BATZORDEKIDEAK:<br \/>\n<\/strong>Mar\u00eda Aranzazu R\u00edos Gonz\u00e1lez (PSN)<br \/>\nDaniel Cuesta Casta\u00f1eda (PPN)<br \/>\nFrancisco Javier Torrecillas Mart\u00ednez (UPN)<br \/>\nI\u00f1aki Bernal Lumbreras (CONTIGO-ZUREKIN)<\/li>\n<\/ul>\n<h4>3. KULTURA INFORMAZIO BATZORDEA<\/h4>\n<ul>\n<li><strong>BATZORDEBURUA<\/strong>: Asier Costa Chavero (EH BILDU)<\/li>\n<li><strong>BATZORDEKIDEAK:<br \/>\n<\/strong>Carlos Mena Blasco (PSN)<br \/>\nFrancisco Javier Paz Layana (PPN)<br \/>\nFrancisco Javier Torrecillas Mart\u00ednez (UPN)<br \/>\nI\u00f1aki Bernal Lumbreras ( CONTIGO-ZUREKIN)<\/li>\n<\/ul>\n<h4>4. GAZTERIA ETA HAURTZAROAREN INFORMAZIO BATZORDEA<\/h4>\n<ul>\n<li><strong>BATZORDEBURUA<\/strong>: Asier Zafra Elorza (EH BILDU)<\/li>\n<li><strong>BATZORDEKIDEAK:<br \/>\n<\/strong>Carlos Mena Blasco (PSN)<br \/>\nDaniel Cuesta Casta\u00f1eda (PPN)<br \/>\nFrancisco Javier Torrecillas Mart\u00ednez (UPN)<br \/>\nI\u00f1aki Bernal Lumbreras (CONTIGO-ZUREKIN)<\/li>\n<\/ul>\n<h4>5. EUSKARA ETA HIZKUNTZA NORMALIZAZIO INFORMAZIO BATZORDEA<\/h4>\n<ul>\n<li><strong>BATZORDEBURUA<\/strong>: Saioa Izura Azanza (EH BILDU)<\/li>\n<li><strong>BATZORDEKIDEAK:<br \/>\n<\/strong>Carlos Mena Blasco (PSN)<br \/>\nDaniel Cuesta Casta\u00f1eda (PPN)<br \/>\nFrancisco Javier Torrecillas Mart\u00ednez (UPN)<br \/>\nI\u00f1aki Bernal Lumbreras (CONTIGO-ZUREKIN)<\/li>\n<\/ul>\n<h4>6. GIZARTE EKINTZA ETA KULTURA ANIZTASUN INFORMAZIO BATZORDEA<\/h4>\n<ul>\n<li><strong>BATZORDEBURUA<\/strong>: M\u00aa Sagrario Ortigosa Lekunberri (EH BILDU)<\/li>\n<li><strong>BATZORDEKIDEAK:<br \/>\n<\/strong>Yolanda Moreno de la Chica (PSN)<br \/>\nFrancisco Javier Paz Layana (PPN)<br \/>\nFrancisco Javier Torrecillas Mart\u00ednez (UPN)<br \/>\nI\u00f1aki Bernal Lumbreras (CONTIGO-ZUREKIN)<\/li>\n<\/ul>\n<h4>7. BIZIKIDETZA ETA MEMORIA HISTORIKOAREN INFORMAZIO BATZORDEA<\/h4>\n<ul>\n<li><strong>BATZORDEBURUA<\/strong>: Asier Costa Chavero (EH BILDU)<\/li>\n<li><strong>BATZORDEKIDEAK:<br \/>\n<\/strong>Carlos Mena Blasco (PSN)<br \/>\nDaniel Cuesta Casta\u00f1eda (PPN)<br \/>\nFrancisco Javier Torrecillas Mart\u00ednez (UPN)<br \/>\nI\u00f1aki Bernal Lumbreras\u00a0(CONTIGO-ZUREKIN)<\/li>\n<\/ul>\n<h4>8. HEZKUNTZA JARDUERA ETA KOORDINAZIO INFORMAZIO BATZORDEA<\/h4>\n<ul>\n<li><strong>BATZORDEBURUA<\/strong>: Beatriz Martiartu Fern\u00e1ndez (EH BILDU)<\/li>\n<li><strong>BATZORDEKIDEAK:<br \/>\n<\/strong>M\u00aa Aranzazu R\u00edos Gonz\u00e1lez (PSN)<br \/>\nFrancisco Javier Paz Layana (PPN)<br \/>\nFrancisco Javier Torrecillas Mart\u00ednez (UPN)<br \/>\nI\u00f1aki Bernal Lumbreras(CONTIGO-ZUREKIN)<\/li>\n<\/ul>\n<h4>9. BERDINTASUN ETA POLITIKA FEMINISTA INFORMAZIO BATZORDEA<\/h4>\n<ul>\n<li><strong>BATZORDEBURUA<\/strong>: M\u00aa Carmen Nadales Ram\u00edrez (EH BILDU)<\/li>\n<li><strong>BATZORDEKIDEAK:<br \/>\n<\/strong>Yolanda Moreno de la Chica (PSN)<br \/>\nFrancisco Javier Paz Layana (PPN)<br \/>\nFrancisco Javier Torrecillas Mart\u00ednez (UPN)<br \/>\nI\u00f1aki Bernal Lumbreras (CONTIGO-ZUREKIN)<\/li>\n<\/ul>\n<h4>10. KIROLETAKO INFORMAZIO BATZORDEA<\/h4>\n<ul>\n<li><strong>BATZORDEBURUA<\/strong>: Iker Mariezcurrena Celaya (EH BILDU)<\/li>\n<li><strong>BATZORDEKIDEAK:<br \/>\n<\/strong>Yolanda Moreno de la Chica\u00a0 (PSN)<br \/>\nFrancisco Javier Paz Layana (PPN)<br \/>\nFrancisco Javier Torrecillas Mart\u00ednez (UPN)<br \/>\nI\u00f1aki Bernal Lumbreras (CONTIGO-ZUREKIN)<\/li>\n<\/ul>\n<h4>11. ELEDUNEN BATZORDEA<\/h4>\n<table style=\"height: 186px;\" border=\"1\" summary=\" \" width=\"519\">\n<caption>\u00a0<\/caption>\n<tbody>\n<tr style=\"height: 24px;\">\n<th style=\"width: 164px; height: 24px;\">TALDEA<\/th>\n<th style=\"width: 417px; height: 24px;\">IZENA<\/th>\n<\/tr>\n<tr style=\"height: 24px;\">\n<td style=\"width: 164px; height: 24px;\" headers=\"1030\">EH BILDU<\/td>\n<td style=\"width: 417px; height: 24px;\" headers=\"1031\"><strong>ELEDUNA: <\/strong>Felix Jos\u00e9 Puyo Rebollo<\/td>\n<\/tr>\n<tr style=\"height: 24px;\">\n<td style=\"width: 164px; height: 24px;\" headers=\"1030\">PSN<\/td>\n<td style=\"width: 417px; height: 24px;\" headers=\"1031\"><strong>ELEDUNA: <\/strong>M\u00aa Aranzazu R\u00edos\u00a0 Gonz\u00e1lez<strong><br \/>\n<\/strong><\/td>\n<\/tr>\n<tr style=\"height: 24px;\">\n<td style=\"width: 164px; height: 24px;\" headers=\"1030\">PPN<\/td>\n<td style=\"width: 417px; height: 24px;\" headers=\"1031\"><strong>ELEDUNA: <\/strong>Daniel Cuesta Casta\u00f1eda<\/td>\n<\/tr>\n<tr style=\"height: 24px;\">\n<td style=\"width: 164px; height: 24px;\" headers=\"1030\">UPN<\/td>\n<td style=\"width: 417px; height: 24px;\" headers=\"1031\"><strong>ELEDUNA: <\/strong>Francisco Javier Torrecillas Mart\u00ednez<strong><br \/>\n<\/strong><\/td>\n<\/tr>\n<tr style=\"height: 24px;\">\n<td style=\"width: 164px; height: 31px;\">CONTIGO-ZUREKIN<\/td>\n<td style=\"width: 417px; height: 31px;\"><strong>ELEDUNA:<\/strong>I\u00f1aki Bernal Lumbreras<strong><br \/>\n<\/strong><\/td>\n<\/tr>\n<\/tbody>\n<\/table>\n<p>&nbsp;<\/p>\n","protected":false},"excerpt":{"rendered":"<p>1. UDAL EGITURAREN ETA ARAUTEGI JURIDIKOAREN INFORMAZIO BATZORDEA BATZORDEBURUA:\u00a0Jos\u00e9 Francisco Iraizoz Aguerri (EH BILDU) BATZORDEKIDEAK: Mar\u00eda Aranzazu R\u00edos Gonz\u00e1lez (PSN) Daniel Cuesta Casta\u00f1eda (PPN) Francisco Javier Torrecillas Mart\u00ednez (UPN) I\u00f1aki Bernal Lumbreras (CONTIGO-ZUREKIN) 2. HIRI ESPAZIOAREN ETA TRANTSIZIO EKOLOGIKOAREN INFORMAZIO BATZORDEA BATZORDEBURUA: Felix Jos\u00e9 Puyo Rebollo (EH BILDU) BATZORDEKIDEAK: Mar\u00eda Aranzazu R\u00edos Gonz\u00e1lez (PSN) Daniel [&hellip;]<\/p>\n","protected":false},"author":36,"featured_media":0,"parent":29347,"menu_order":10,"comment_status":"closed","ping_status":"closed","template":"","meta":{"_exactmetrics_skip_tracking":false,"_exactmetrics_sitenote_active":false,"_exactmetrics_sitenote_note":"","_exactmetrics_sitenote_category":0,"footnotes":""},"yoast_head":"<!-- This site is optimized with the Yoast SEO plugin v22.8 - https:\/\/yoast.com\/wordpress\/plugins\/seo\/ -->\r\n<title>Udal Batzordeak - Ayuntamiento de Berriozar \/ Berriozarko Udala<\/title>\r\n<meta name=\"robots\" content=\"index, follow, max-snippet:-1, max-image-preview:large, max-video-preview:-1\" \/>\r\n<link rel=\"canonical\" href=\"https:\/\/www.berriozar.es\/eu\/udala\/udal-antolaketa\/udal-batzordeak\/\" \/>\r\n<meta property=\"og:locale\" content=\"eu_ES\" \/>\r\n<meta property=\"og:type\" content=\"article\" \/>\r\n<meta property=\"og:title\" content=\"Udal Batzordeak - Ayuntamiento de Berriozar \/ Berriozarko Udala\" \/>\r\n<meta property=\"og:description\" content=\"1. UDAL EGITURAREN ETA ARAUTEGI JURIDIKOAREN INFORMAZIO BATZORDEA BATZORDEBURUA:\u00a0Jos\u00e9 Francisco Iraizoz Aguerri (EH BILDU) BATZORDEKIDEAK: Mar\u00eda Aranzazu R\u00edos Gonz\u00e1lez (PSN) Daniel Cuesta Casta\u00f1eda (PPN) Francisco Javier Torrecillas Mart\u00ednez (UPN) I\u00f1aki Bernal Lumbreras (CONTIGO-ZUREKIN) 2. HIRI ESPAZIOAREN ETA TRANTSIZIO EKOLOGIKOAREN INFORMAZIO BATZORDEA BATZORDEBURUA: Felix Jos\u00e9 Puyo Rebollo (EH BILDU) BATZORDEKIDEAK: Mar\u00eda Aranzazu R\u00edos Gonz\u00e1lez (PSN) Daniel [&hellip;]\" \/>\r\n<meta property=\"og:url\" content=\"https:\/\/www.berriozar.es\/eu\/udala\/udal-antolaketa\/udal-batzordeak\/\" \/>\r\n<meta property=\"og:site_name\" content=\"Ayuntamiento de Berriozar \/ Berriozarko Udala\" \/>\r\n<meta property=\"article:modified_time\" content=\"2026-02-09T08:45:36+00:00\" \/>\r\n<meta name=\"twitter:card\" content=\"summary_large_image\" \/>\r\n<meta name=\"twitter:label1\" content=\"Est. reading time\" \/>\n\t<meta name=\"twitter:data1\" content=\"2 minutes\" \/>\r\n<script type=\"application\/ld+json\" class=\"yoast-schema-graph\">{\"@context\":\"https:\/\/schema.org\",\"@graph\":[{\"@type\":\"WebPage\",\"@id\":\"https:\/\/www.berriozar.es\/eu\/udala\/udal-antolaketa\/udal-batzordeak\/\",\"url\":\"https:\/\/www.berriozar.es\/eu\/udala\/udal-antolaketa\/udal-batzordeak\/\",\"name\":\"Udal Batzordeak - Ayuntamiento de Berriozar \/ Berriozarko Udala\",\"isPartOf\":{\"@id\":\"https:\/\/www.berriozar.es\/#website\"},\"datePublished\":\"2012-10-17T10:31:53+00:00\",\"dateModified\":\"2026-02-09T08:45:36+00:00\",\"breadcrumb\":{\"@id\":\"https:\/\/www.berriozar.es\/eu\/udala\/udal-antolaketa\/udal-batzordeak\/#breadcrumb\"},\"inLanguage\":\"eu-ES\",\"potentialAction\":[{\"@type\":\"ReadAction\",\"target\":[\"https:\/\/www.berriozar.es\/eu\/udala\/udal-antolaketa\/udal-batzordeak\/\"]}]},{\"@type\":\"BreadcrumbList\",\"@id\":\"https:\/\/www.berriozar.es\/eu\/udala\/udal-antolaketa\/udal-batzordeak\/#breadcrumb\",\"itemListElement\":[{\"@type\":\"ListItem\",\"position\":1,\"name\":\"Portada\",\"item\":\"https:\/\/www.berriozar.es\/\"},{\"@type\":\"ListItem\",\"position\":2,\"name\":\"Udala\",\"item\":\"https:\/\/www.berriozar.es\/eu\/udala\/\"},{\"@type\":\"ListItem\",\"position\":3,\"name\":\"Udal antolaketa\",\"item\":\"https:\/\/www.berriozar.es\/eu\/udala\/udal-antolaketa\/\"},{\"@type\":\"ListItem\",\"position\":4,\"name\":\"Udal Batzordeak\"}]},{\"@type\":\"WebSite\",\"@id\":\"https:\/\/www.berriozar.es\/#website\",\"url\":\"https:\/\/www.berriozar.es\/\",\"name\":\"Ayuntamiento de Berriozar \/ Berriozarko Udala\",\"description\":\"Ayuntamiento de Berriozar \/ Berriozarko Udala\",\"potentialAction\":[{\"@type\":\"SearchAction\",\"target\":{\"@type\":\"EntryPoint\",\"urlTemplate\":\"https:\/\/www.berriozar.es\/?s={search_term_string}\"},\"query-input\":\"required name=search_term_string\"}],\"inLanguage\":\"eu-ES\"}]}<\/script>\r\n<!-- \/ Yoast SEO plugin. -->","yoast_head_json":{"title":"Udal Batzordeak - Ayuntamiento de Berriozar \/ Berriozarko Udala","robots":{"index":"index","follow":"follow","max-snippet":"max-snippet:-1","max-image-preview":"max-image-preview:large","max-video-preview":"max-video-preview:-1"},"canonical":"https:\/\/www.berriozar.es\/eu\/udala\/udal-antolaketa\/udal-batzordeak\/","og_locale":"eu_ES","og_type":"article","og_title":"Udal Batzordeak - Ayuntamiento de Berriozar \/ Berriozarko Udala","og_description":"1. UDAL EGITURAREN ETA ARAUTEGI JURIDIKOAREN INFORMAZIO BATZORDEA BATZORDEBURUA:\u00a0Jos\u00e9 Francisco Iraizoz Aguerri (EH BILDU) BATZORDEKIDEAK: Mar\u00eda Aranzazu R\u00edos Gonz\u00e1lez (PSN) Daniel Cuesta Casta\u00f1eda (PPN) Francisco Javier Torrecillas Mart\u00ednez (UPN) I\u00f1aki Bernal Lumbreras (CONTIGO-ZUREKIN) 2. HIRI ESPAZIOAREN ETA TRANTSIZIO EKOLOGIKOAREN INFORMAZIO BATZORDEA BATZORDEBURUA: Felix Jos\u00e9 Puyo Rebollo (EH BILDU) BATZORDEKIDEAK: Mar\u00eda Aranzazu R\u00edos Gonz\u00e1lez (PSN) Daniel [&hellip;]","og_url":"https:\/\/www.berriozar.es\/eu\/udala\/udal-antolaketa\/udal-batzordeak\/","og_site_name":"Ayuntamiento de Berriozar \/ Berriozarko Udala","article_modified_time":"2026-02-09T08:45:36+00:00","twitter_card":"summary_large_image","twitter_misc":{"Est. reading time":"2 minutes"},"schema":{"@context":"https:\/\/schema.org","@graph":[{"@type":"WebPage","@id":"https:\/\/www.berriozar.es\/eu\/udala\/udal-antolaketa\/udal-batzordeak\/","url":"https:\/\/www.berriozar.es\/eu\/udala\/udal-antolaketa\/udal-batzordeak\/","name":"Udal Batzordeak - Ayuntamiento de Berriozar \/ Berriozarko Udala","isPartOf":{"@id":"https:\/\/www.berriozar.es\/#website"},"datePublished":"2012-10-17T10:31:53+00:00","dateModified":"2026-02-09T08:45:36+00:00","breadcrumb":{"@id":"https:\/\/www.berriozar.es\/eu\/udala\/udal-antolaketa\/udal-batzordeak\/#breadcrumb"},"inLanguage":"eu-ES","potentialAction":[{"@type":"ReadAction","target":["https:\/\/www.berriozar.es\/eu\/udala\/udal-antolaketa\/udal-batzordeak\/"]}]},{"@type":"BreadcrumbList","@id":"https:\/\/www.berriozar.es\/eu\/udala\/udal-antolaketa\/udal-batzordeak\/#breadcrumb","itemListElement":[{"@type":"ListItem","position":1,"name":"Portada","item":"https:\/\/www.berriozar.es\/"},{"@type":"ListItem","position":2,"name":"Udala","item":"https:\/\/www.berriozar.es\/eu\/udala\/"},{"@type":"ListItem","position":3,"name":"Udal antolaketa","item":"https:\/\/www.berriozar.es\/eu\/udala\/udal-antolaketa\/"},{"@type":"ListItem","position":4,"name":"Udal Batzordeak"}]},{"@type":"WebSite","@id":"https:\/\/www.berriozar.es\/#website","url":"https:\/\/www.berriozar.es\/","name":"Ayuntamiento de Berriozar \/ Berriozarko Udala","description":"Ayuntamiento de Berriozar \/ Berriozarko Udala","potentialAction":[{"@type":"SearchAction","target":{"@type":"EntryPoint","urlTemplate":"https:\/\/www.berriozar.es\/?s={search_term_string}"},"query-input":"required name=search_term_string"}],"inLanguage":"eu-ES"}]}},"_links":{"self":[{"href":"https:\/\/www.berriozar.es\/eu\/wp-json\/wp\/v2\/pages\/29349"}],"collection":[{"href":"https:\/\/www.berriozar.es\/eu\/wp-json\/wp\/v2\/pages"}],"about":[{"href":"https:\/\/www.berriozar.es\/eu\/wp-json\/wp\/v2\/types\/page"}],"author":[{"embeddable":true,"href":"https:\/\/www.berriozar.es\/eu\/wp-json\/wp\/v2\/users\/36"}],"replies":[{"embeddable":true,"href":"https:\/\/www.berriozar.es\/eu\/wp-json\/wp\/v2\/comments?post=29349"}],"version-history":[{"count":7,"href":"https:\/\/www.berriozar.es\/eu\/wp-json\/wp\/v2\/pages\/29349\/revisions"}],"predecessor-version":[{"id":41190,"href":"https:\/\/www.berriozar.es\/eu\/wp-json\/wp\/v2\/pages\/29349\/revisions\/41190"}],"up":[{"embeddable":true,"href":"https:\/\/www.berriozar.es\/eu\/wp-json\/wp\/v2\/pages\/29347"}],"wp:attachment":[{"href":"https:\/\/www.berriozar.es\/eu\/wp-json\/wp\/v2\/media?parent=29349"}],"curies":[{"name":"wp","href":"https:\/\/api.w.org\/{rel}","templated":true}]}}