{"id":29351,"date":"2012-10-17T12:35:54","date_gmt":"2012-10-17T10:35:54","guid":{"rendered":"http:\/\/www.berriozar.es\/partaidetza-instituzioetan\/"},"modified":"2026-04-28T12:24:12","modified_gmt":"2026-04-28T10:24:12","slug":"partaidetza-instituzioetan","status":"publish","type":"page","link":"https:\/\/www.berriozar.es\/eu\/udala\/udal-antolaketa\/partaidetza-instituzioetan\/","title":{"rendered":"Partaidetza Instituzioetan"},"content":{"rendered":"<h4><strong>ORDEZKARITZA BESTE ORGANU BATZUETAN<\/strong><\/h4>\n<p>UDALAK ORDEZKATUTA EGON BEHAR DUEN ORGANUETAKO ORDEZKARIAK<\/p>\n<ul>\n<li><strong>Iru\u00f1erriko Mankomunitatea:<\/strong> Felix Jos\u00e9 Puyo Rebollo,<\/li>\n<li><strong>Oinarrizko Gizarte Zerbitzuen Mankomunitatea:<\/strong> Iker Mariezcurrena Celaya, M\u00aa Sagrario Ortigosa Lekunberri, Asier Zafra Elorza, M\u00aa Aranzazu R\u00edos Gonz\u00e1lez, Daniel Cuesta Casta\u00f1eda eta Beatriz Martiartu Fern\u00e1ndez.<\/li>\n<li><strong>Nafarroako Udal eta Kontzejuen Federazioa:<\/strong> Iker Mariezcurrena Celaya.<\/li>\n<li><strong>Eskualdeko &#8220;Mendialdea&#8221; Lehen Hezkuntzako Ikastetxe Publikoko Eskola Kontseilua:<\/strong> Mar\u00eda Sagrario Ortigosa Lekunberri. (Mendialdea I), Saioa Izura Azanza (Mendialdea II)<\/li>\n<li><strong>Derrigorrezko Bigarren Hezkuntzako Institutuko Eskola Kontseilua<\/strong>: Beatriz Martiartu Agirre.<\/li>\n<li><strong>Musika Eskolako Eskola Kontseilua: <\/strong>Felix Jos\u00e9 Puyo Rebollo.<\/li>\n<li><strong>Berriozarko Oinarrizko Osasun-Zonako Osasun Kontseilua:<\/strong> Saioa Izura Azanza.<\/li>\n<li><strong>Iru\u00f1erriko Bergaitze-Bulegoa:<\/strong> Felix Jos\u00e9 Puyo Rebollo.<\/li>\n<li><strong>Udaleko Segurtasun eta Osasun Batzordea:<\/strong> Jos\u00e9 Francisco Iraizoz Aguerri.<\/li>\n<li><strong>Nafarroako Udal Informatikako Elkartea S.A.:<\/strong> Iker Mariezcurrena Celaya.<\/li>\n<li><strong>Nafarroako Antzoki Sarea:<\/strong> Asier Costa Chavero.<\/li>\n<li><strong>NELS Sarea<\/strong>: M\u00aa Carmen Nadales Ram\u00edrez.<\/li>\n<li>Balorazio Batzorde Mistoa: Iker Mariezcurrena Celaya, M\u00aa Ar\u00e1nzazu R\u00edos Gonz\u00e1lez, Daniel Cuesta Casta\u00f1eda.<\/li>\n<li>Berriozarko Udalak eta Nafar Lansare Nafarroako Enplegu Zerbitzuak enplegu-politika aktiboak garatzeko sinatutako lankidetza-hitzarmenaren jarraipen-batzordea: Iker Mariezcurrena Celaya.<\/li>\n<li>Berriozarko eta Xulapaingo Udalek kultura-, kirol- eta gizarte-ekintzako zerbitzuetarako sinatutako administrazioen arteko hitzarmenaren jarraipen-batzordea: Iker Mariezcurrena Celaya eta Asier Costa Chavero.<\/li>\n<li>Berriozarko Udalaren, Done Eztebe Erretiratuen Elkartearen, Pentsiodunen Elkartearen eta Nafarroako Kutxa Fundazioaren arteko lankidetza-hitzarmenaren jarraipen-batzordea: Mar\u00eda Sagrario Ortigosa Lekunberri.<\/li>\n<li>Berriozarko eta Antsoaingo Udalen arteko Administrazio arteko Hitzarmenaren jarraipen batzordea, langileen deialdien arloan: Iker Mariezcurrena Celaya eta Jos\u00e9 Francisco Iraizoz Aguerri.<\/li>\n<li>Berriozarko Udalaren jabetzako bizikletentzako aparkalekuen modulua Iru\u00f1eko Bizikletentzako Aparkaleku Publikoen Sarean sartzeko hitzarmenaren jarraipen-batzordea: F\u00e9lix Jos\u00e9 Puyo Rebollo.<\/li>\n<li>Berriozarko eta Izako Udalek berdintasun-zerbitzuetarako sinatutako administrazioen arteko hitzarmenaren jarraipen-batzordea: Iker Mariezcurrena Celaya eta M\u00aa Carmen Nadales Ram\u00edrez.<\/li>\n<li>Berriozarko eta Xulapaingo Udalek berdintasun-zerbitzuetarako sinatutako administrazioen arteko hitzarmenaren jarraipen-batzordea: Iker Mariezcurrena Celaya eta M\u00aa Carmen Nadales Ram\u00edrez.<\/li>\n<li>Berriozarko eta Berriobeitiko Udalek berdintasun-zerbitzuetarako sinatutako administrazioen arteko hitzarmenaren jarraipen-batzordea: Iker Mariezcurrena Celaya eta M\u00aa Carmen Nadales Ram\u00edrez.<\/li>\n<li>Berriozarko Udalaren eta Iru\u00f1erriko Mankomunitatearen arteko ingurumen-ikuskapenaren arloko lankidetza-hitzarmenaren jarraipen-batzordea: F\u00e9lix Jos\u00e9 Puyo Rebollo.<\/li>\n<\/ul>\n","protected":false},"excerpt":{"rendered":"<p>ORDEZKARITZA BESTE ORGANU BATZUETAN UDALAK ORDEZKATUTA EGON BEHAR DUEN ORGANUETAKO ORDEZKARIAK Iru\u00f1erriko Mankomunitatea: Felix Jos\u00e9 Puyo Rebollo, Oinarrizko Gizarte Zerbitzuen Mankomunitatea: Iker Mariezcurrena Celaya, M\u00aa Sagrario Ortigosa Lekunberri, Asier Zafra Elorza, M\u00aa Aranzazu R\u00edos Gonz\u00e1lez, Daniel Cuesta Casta\u00f1eda eta Beatriz Martiartu Fern\u00e1ndez. Nafarroako Udal eta Kontzejuen Federazioa: Iker Mariezcurrena Celaya. Eskualdeko &#8220;Mendialdea&#8221; Lehen Hezkuntzako Ikastetxe [&hellip;]<\/p>\n","protected":false},"author":36,"featured_media":0,"parent":29347,"menu_order":12,"comment_status":"closed","ping_status":"closed","template":"","meta":{"_exactmetrics_skip_tracking":false,"_exactmetrics_sitenote_active":false,"_exactmetrics_sitenote_note":"","_exactmetrics_sitenote_category":0,"footnotes":""},"yoast_head":"<!-- This site is optimized with the Yoast SEO plugin v22.8 - https:\/\/yoast.com\/wordpress\/plugins\/seo\/ -->\r\n<title>Partaidetza Instituzioetan - Ayuntamiento de Berriozar \/ Berriozarko Udala<\/title>\r\n<meta name=\"robots\" content=\"index, follow, max-snippet:-1, max-image-preview:large, max-video-preview:-1\" \/>\r\n<link rel=\"canonical\" href=\"https:\/\/www.berriozar.es\/eu\/udala\/udal-antolaketa\/partaidetza-instituzioetan\/\" \/>\r\n<meta property=\"og:locale\" content=\"eu_ES\" \/>\r\n<meta property=\"og:type\" content=\"article\" \/>\r\n<meta property=\"og:title\" content=\"Partaidetza Instituzioetan - Ayuntamiento de Berriozar \/ Berriozarko Udala\" \/>\r\n<meta property=\"og:description\" content=\"ORDEZKARITZA BESTE ORGANU BATZUETAN UDALAK ORDEZKATUTA EGON BEHAR DUEN ORGANUETAKO ORDEZKARIAK Iru\u00f1erriko Mankomunitatea: Felix Jos\u00e9 Puyo Rebollo, Oinarrizko Gizarte Zerbitzuen Mankomunitatea: Iker Mariezcurrena Celaya, M\u00aa Sagrario Ortigosa Lekunberri, Asier Zafra Elorza, M\u00aa Aranzazu R\u00edos Gonz\u00e1lez, Daniel Cuesta Casta\u00f1eda eta Beatriz Martiartu Fern\u00e1ndez. Nafarroako Udal eta Kontzejuen Federazioa: Iker Mariezcurrena Celaya. Eskualdeko &#8220;Mendialdea&#8221; Lehen Hezkuntzako Ikastetxe [&hellip;]\" \/>\r\n<meta property=\"og:url\" content=\"https:\/\/www.berriozar.es\/eu\/udala\/udal-antolaketa\/partaidetza-instituzioetan\/\" \/>\r\n<meta property=\"og:site_name\" content=\"Ayuntamiento de Berriozar \/ Berriozarko Udala\" \/>\r\n<meta property=\"article:modified_time\" content=\"2026-04-28T10:24:12+00:00\" \/>\r\n<meta name=\"twitter:card\" content=\"summary_large_image\" \/>\r\n<meta name=\"twitter:label1\" content=\"Est. reading time\" \/>\n\t<meta name=\"twitter:data1\" content=\"2 minutes\" \/>\r\n<script type=\"application\/ld+json\" class=\"yoast-schema-graph\">{\"@context\":\"https:\/\/schema.org\",\"@graph\":[{\"@type\":\"WebPage\",\"@id\":\"https:\/\/www.berriozar.es\/eu\/udala\/udal-antolaketa\/partaidetza-instituzioetan\/\",\"url\":\"https:\/\/www.berriozar.es\/eu\/udala\/udal-antolaketa\/partaidetza-instituzioetan\/\",\"name\":\"Partaidetza Instituzioetan - Ayuntamiento de Berriozar \/ Berriozarko Udala\",\"isPartOf\":{\"@id\":\"https:\/\/www.berriozar.es\/#website\"},\"datePublished\":\"2012-10-17T10:35:54+00:00\",\"dateModified\":\"2026-04-28T10:24:12+00:00\",\"breadcrumb\":{\"@id\":\"https:\/\/www.berriozar.es\/eu\/udala\/udal-antolaketa\/partaidetza-instituzioetan\/#breadcrumb\"},\"inLanguage\":\"eu-ES\",\"potentialAction\":[{\"@type\":\"ReadAction\",\"target\":[\"https:\/\/www.berriozar.es\/eu\/udala\/udal-antolaketa\/partaidetza-instituzioetan\/\"]}]},{\"@type\":\"BreadcrumbList\",\"@id\":\"https:\/\/www.berriozar.es\/eu\/udala\/udal-antolaketa\/partaidetza-instituzioetan\/#breadcrumb\",\"itemListElement\":[{\"@type\":\"ListItem\",\"position\":1,\"name\":\"Portada\",\"item\":\"https:\/\/www.berriozar.es\/\"},{\"@type\":\"ListItem\",\"position\":2,\"name\":\"Udala\",\"item\":\"https:\/\/www.berriozar.es\/eu\/udala\/\"},{\"@type\":\"ListItem\",\"position\":3,\"name\":\"Udal antolaketa\",\"item\":\"https:\/\/www.berriozar.es\/eu\/udala\/udal-antolaketa\/\"},{\"@type\":\"ListItem\",\"position\":4,\"name\":\"Partaidetza Instituzioetan\"}]},{\"@type\":\"WebSite\",\"@id\":\"https:\/\/www.berriozar.es\/#website\",\"url\":\"https:\/\/www.berriozar.es\/\",\"name\":\"Ayuntamiento de Berriozar \/ Berriozarko Udala\",\"description\":\"Ayuntamiento de Berriozar \/ Berriozarko Udala\",\"potentialAction\":[{\"@type\":\"SearchAction\",\"target\":{\"@type\":\"EntryPoint\",\"urlTemplate\":\"https:\/\/www.berriozar.es\/?s={search_term_string}\"},\"query-input\":\"required name=search_term_string\"}],\"inLanguage\":\"eu-ES\"}]}<\/script>\r\n<!-- \/ Yoast SEO plugin. -->","yoast_head_json":{"title":"Partaidetza Instituzioetan - Ayuntamiento de Berriozar \/ Berriozarko Udala","robots":{"index":"index","follow":"follow","max-snippet":"max-snippet:-1","max-image-preview":"max-image-preview:large","max-video-preview":"max-video-preview:-1"},"canonical":"https:\/\/www.berriozar.es\/eu\/udala\/udal-antolaketa\/partaidetza-instituzioetan\/","og_locale":"eu_ES","og_type":"article","og_title":"Partaidetza Instituzioetan - Ayuntamiento de Berriozar \/ Berriozarko Udala","og_description":"ORDEZKARITZA BESTE ORGANU BATZUETAN UDALAK ORDEZKATUTA EGON BEHAR DUEN ORGANUETAKO ORDEZKARIAK Iru\u00f1erriko Mankomunitatea: Felix Jos\u00e9 Puyo Rebollo, Oinarrizko Gizarte Zerbitzuen Mankomunitatea: Iker Mariezcurrena Celaya, M\u00aa Sagrario Ortigosa Lekunberri, Asier Zafra Elorza, M\u00aa Aranzazu R\u00edos Gonz\u00e1lez, Daniel Cuesta Casta\u00f1eda eta Beatriz Martiartu Fern\u00e1ndez. Nafarroako Udal eta Kontzejuen Federazioa: Iker Mariezcurrena Celaya. Eskualdeko &#8220;Mendialdea&#8221; Lehen Hezkuntzako Ikastetxe [&hellip;]","og_url":"https:\/\/www.berriozar.es\/eu\/udala\/udal-antolaketa\/partaidetza-instituzioetan\/","og_site_name":"Ayuntamiento de Berriozar \/ Berriozarko Udala","article_modified_time":"2026-04-28T10:24:12+00:00","twitter_card":"summary_large_image","twitter_misc":{"Est. reading time":"2 minutes"},"schema":{"@context":"https:\/\/schema.org","@graph":[{"@type":"WebPage","@id":"https:\/\/www.berriozar.es\/eu\/udala\/udal-antolaketa\/partaidetza-instituzioetan\/","url":"https:\/\/www.berriozar.es\/eu\/udala\/udal-antolaketa\/partaidetza-instituzioetan\/","name":"Partaidetza Instituzioetan - Ayuntamiento de Berriozar \/ Berriozarko Udala","isPartOf":{"@id":"https:\/\/www.berriozar.es\/#website"},"datePublished":"2012-10-17T10:35:54+00:00","dateModified":"2026-04-28T10:24:12+00:00","breadcrumb":{"@id":"https:\/\/www.berriozar.es\/eu\/udala\/udal-antolaketa\/partaidetza-instituzioetan\/#breadcrumb"},"inLanguage":"eu-ES","potentialAction":[{"@type":"ReadAction","target":["https:\/\/www.berriozar.es\/eu\/udala\/udal-antolaketa\/partaidetza-instituzioetan\/"]}]},{"@type":"BreadcrumbList","@id":"https:\/\/www.berriozar.es\/eu\/udala\/udal-antolaketa\/partaidetza-instituzioetan\/#breadcrumb","itemListElement":[{"@type":"ListItem","position":1,"name":"Portada","item":"https:\/\/www.berriozar.es\/"},{"@type":"ListItem","position":2,"name":"Udala","item":"https:\/\/www.berriozar.es\/eu\/udala\/"},{"@type":"ListItem","position":3,"name":"Udal antolaketa","item":"https:\/\/www.berriozar.es\/eu\/udala\/udal-antolaketa\/"},{"@type":"ListItem","position":4,"name":"Partaidetza Instituzioetan"}]},{"@type":"WebSite","@id":"https:\/\/www.berriozar.es\/#website","url":"https:\/\/www.berriozar.es\/","name":"Ayuntamiento de Berriozar \/ Berriozarko Udala","description":"Ayuntamiento de Berriozar \/ Berriozarko Udala","potentialAction":[{"@type":"SearchAction","target":{"@type":"EntryPoint","urlTemplate":"https:\/\/www.berriozar.es\/?s={search_term_string}"},"query-input":"required name=search_term_string"}],"inLanguage":"eu-ES"}]}},"_links":{"self":[{"href":"https:\/\/www.berriozar.es\/eu\/wp-json\/wp\/v2\/pages\/29351"}],"collection":[{"href":"https:\/\/www.berriozar.es\/eu\/wp-json\/wp\/v2\/pages"}],"about":[{"href":"https:\/\/www.berriozar.es\/eu\/wp-json\/wp\/v2\/types\/page"}],"author":[{"embeddable":true,"href":"https:\/\/www.berriozar.es\/eu\/wp-json\/wp\/v2\/users\/36"}],"replies":[{"embeddable":true,"href":"https:\/\/www.berriozar.es\/eu\/wp-json\/wp\/v2\/comments?post=29351"}],"version-history":[{"count":8,"href":"https:\/\/www.berriozar.es\/eu\/wp-json\/wp\/v2\/pages\/29351\/revisions"}],"predecessor-version":[{"id":41657,"href":"https:\/\/www.berriozar.es\/eu\/wp-json\/wp\/v2\/pages\/29351\/revisions\/41657"}],"up":[{"embeddable":true,"href":"https:\/\/www.berriozar.es\/eu\/wp-json\/wp\/v2\/pages\/29347"}],"wp:attachment":[{"href":"https:\/\/www.berriozar.es\/eu\/wp-json\/wp\/v2\/media?parent=29351"}],"curies":[{"name":"wp","href":"https:\/\/api.w.org\/{rel}","templated":true}]}}