{"id":29353,"date":"2012-10-17T13:01:24","date_gmt":"2012-10-17T11:01:24","guid":{"rendered":"http:\/\/www.berriozar.es\/gobernu-organoak\/"},"modified":"2026-03-06T17:42:55","modified_gmt":"2026-03-06T16:42:55","slug":"gobernu-organoak","status":"publish","type":"page","link":"https:\/\/www.berriozar.es\/eu\/udala\/udal-antolaketa\/gobernu-organoak\/","title":{"rendered":"Gobernu organoak"},"content":{"rendered":"<p><strong>1. ALKATETZA<\/strong><\/p>\n<table border=\"1\" summary=\"Esta tabla describe la alcald\u00eda del ayuntamiento\">\n<tbody>\n<tr>\n<th>Kargua<\/th>\n<th>Izen-abizenak<\/th>\n<th>Taldea<\/th>\n<\/tr>\n<tr>\n<td headers=\"100\">Alkatea<\/td>\n<td headers=\"101\">\u00a0Iker Mariezcurrena Celaya<\/td>\n<td headers=\"102\"><acronym title=\"Partido Socialista de Navarra\">EH BILDU<br \/>\n<\/acronym><\/td>\n<\/tr>\n<\/tbody>\n<\/table>\n<p>&nbsp;<\/p>\n<p><strong>2.\u00a0UDALBATZA \/ OSOKO BILKURA<\/strong><\/p>\n<table style=\"width: 514px; height: 443px;\" border=\"1\" summary=\"Tabla descripci\u00f3n de integrantes de la Corporaci\u00f3n Municipal (Alcalde, Concejales, Secretaria) y partido al que pertenece cada uno\">\n<tbody>\n<tr style=\"height: 26px;\">\n<th style=\"width: 61px; height: 26px;\">Kargua<\/th>\n<th style=\"width: 377px; height: 26px;\">Izen-abizenak<\/th>\n<th style=\"width: 220px; height: 26px;\">Taldea<\/th>\n<\/tr>\n<tr style=\"height: 26px;\">\n<td style=\"width: 61px; height: 26px;\" headers=\"110\">Alkatea<\/td>\n<td style=\"width: 377px; height: 26px;\" headers=\"111\">Iker Mariezcurrena Celaya<\/td>\n<td style=\"width: 220px; height: 26px;\" headers=\"112\"><acronym title=\"Partido Socialista de Navarra\">EH BILDU<br \/>\n<\/acronym><\/td>\n<\/tr>\n<tr style=\"height: 26px;\">\n<td style=\"width: 61px; height: 26px;\" headers=\"110\">Zinegotzia<\/td>\n<td style=\"width: 377px; height: 26px;\" headers=\"111\">Mar\u00eda Sagrario Ortigosa Lekunberri<\/td>\n<td style=\"width: 220px; height: 26px;\" headers=\"112\"><acronym title=\"Partido Socialista de Navarra\">EH BILDU<br \/>\n<\/acronym><\/td>\n<\/tr>\n<tr style=\"height: 26px;\">\n<td style=\"width: 61px; height: 26px;\" headers=\"110\">Zinegotzia<\/td>\n<td style=\"width: 377px; height: 26px;\" headers=\"111\">Asier Zafra Elorza<\/td>\n<td style=\"width: 220px; height: 26px;\" headers=\"112\"><acronym title=\"Partido Socialista de Navarra\">EH BILDU<br \/>\n<\/acronym><\/td>\n<\/tr>\n<tr style=\"height: 26px;\">\n<td style=\"width: 61px; height: 31px;\" headers=\"110\">Zinegotzia<\/td>\n<td style=\"width: 377px; height: 31px;\" headers=\"111\">Saioa Izura Azanza<\/td>\n<td style=\"width: 220px; height: 31px;\" headers=\"112\">EH BILDU<\/td>\n<\/tr>\n<tr style=\"height: 26px;\">\n<td style=\"width: 61px; height: 26px;\" headers=\"110\">Zinegotzia<\/td>\n<td style=\"width: 377px; height: 26px;\" headers=\"111\">Felix Jos\u00e9 Puyo Rebollo<\/td>\n<td style=\"width: 220px; height: 26px;\" headers=\"112\">EH BILDU<\/td>\n<\/tr>\n<tr style=\"height: 26px;\">\n<td style=\"width: 61px; height: 26px;\" headers=\"110\">Zinegotzia<\/td>\n<td style=\"width: 377px; height: 26px;\" headers=\"111\">Mar\u00eda Carmen Nadales Ram\u00edrez<\/td>\n<td style=\"width: 220px; height: 26px;\" headers=\"112\"><acronym title=\"Uni\u00f3n del Pueblo Navarro\">EH BILDU<\/acronym><\/td>\n<\/tr>\n<tr style=\"height: 26px;\">\n<td style=\"width: 61px; height: 26px;\" headers=\"110\">Zinegotzia<\/td>\n<td style=\"width: 377px; height: 26px;\" headers=\"111\">Asier Costa Chavero<\/td>\n<td style=\"width: 220px; height: 26px;\" headers=\"112\">EH BILDU<\/td>\n<\/tr>\n<tr style=\"height: 26px;\">\n<td style=\"width: 61px; height: 26px;\" headers=\"110\">Zinegotzia<\/td>\n<td style=\"width: 377px; height: 26px;\" headers=\"111\">Jos\u00e9 Francisco Iraizoz Aguerri<\/td>\n<td style=\"width: 220px; height: 26px;\" headers=\"112\">EH BILDU<\/td>\n<\/tr>\n<tr style=\"height: 26px;\">\n<td style=\"width: 61px; height: 21px;\" headers=\"110\">Zinegotzia<\/td>\n<td style=\"width: 377px; height: 21px;\" headers=\"111\">Beatriz Martiartu Fern\u00e1ndez<\/td>\n<td style=\"width: 220px; height: 21px;\" headers=\"112\">EH BILDU<\/td>\n<\/tr>\n<tr style=\"height: 26px;\">\n<td style=\"width: 61px; height: 26px;\" headers=\"110\">Zinegotzia<\/td>\n<td style=\"width: 377px; height: 26px;\" headers=\"111\">Mar\u00eda Aranzazu R\u00edos Gonz\u00e1lez<\/td>\n<td style=\"width: 220px; height: 26px;\" headers=\"112\">PSN-PSOE<\/td>\n<\/tr>\n<tr style=\"height: 26px;\">\n<td style=\"width: 61px; height: 26px;\" headers=\"110\">Zinegotzia<\/td>\n<td style=\"width: 377px; height: 26px;\" headers=\"111\">Carlos Mena Blasco<\/td>\n<td style=\"width: 220px; height: 26px;\" headers=\"112\">PSN-PSOE<\/td>\n<\/tr>\n<tr style=\"height: 26px;\">\n<td style=\"width: 61px; height: 26px;\" headers=\"110\">Zinegotzia<\/td>\n<td style=\"width: 377px; height: 26px;\" headers=\"111\">Yolanda Moreno de la Chica<\/td>\n<td style=\"width: 220px; height: 26px;\" headers=\"112\">PSN-PSOE<\/td>\n<\/tr>\n<tr style=\"height: 26px;\">\n<td style=\"width: 61px; height: 26px;\" headers=\"110\">Zinegotzia<\/td>\n<td style=\"width: 377px; height: 26px;\" headers=\"111\">Daniel Cuesta Casta\u00f1eda<\/td>\n<td style=\"width: 220px; height: 26px;\" headers=\"112\">PP<\/td>\n<\/tr>\n<tr style=\"height: 26px;\">\n<td style=\"width: 61px; height: 26px;\">Zinegotzia<\/td>\n<td style=\"width: 377px; height: 26px;\">Francisco Javier Paz Layana<\/td>\n<td style=\"width: 220px; height: 26px;\">PP<\/td>\n<\/tr>\n<tr style=\"height: 26px;\">\n<td style=\"width: 61px; height: 26px;\">Zinegotzia<\/td>\n<td style=\"width: 377px; height: 26px;\">Francisco Javier Torrecillas Mart\u00ednez<\/td>\n<td style=\"width: 220px; height: 26px;\">UPN<\/td>\n<\/tr>\n<tr style=\"height: 26px;\">\n<td style=\"width: 61px; height: 10px;\">Zinegotzia<\/td>\n<td style=\"width: 377px; height: 10px;\">Jorge Garc\u00eda Villar<\/td>\n<td style=\"width: 220px; height: 10px;\">UPN<\/td>\n<\/tr>\n<tr style=\"height: 26px;\">\n<td style=\"width: 61px;\">Zinegotzia<\/td>\n<td style=\"width: 377px;\">Ignacio Bernal Lumbreras<\/td>\n<td style=\"width: 220px;\">Contigo-Zurekin<\/td>\n<\/tr>\n<\/tbody>\n<\/table>\n<p>Idazkaria: Natalia Rodr\u00edguez Aguado<\/p>\n<p><strong>3. TOKIKO GOBERNU BATZARRA<\/strong><\/p>\n<table style=\"height: 253px;\" border=\"1\" summary=\"Tabla descripci\u00f3n de integrantes de la Corporaci\u00f3n Municipal (Alcalde, Concejales, Secretaria) y partido al que pertenece cada uno\">\n<tbody>\n<tr style=\"height: 24px;\">\n<th style=\"width: 73px; height: 24px;\">Kargua<\/th>\n<th style=\"width: 297px; height: 24px;\">Izen-abizenak<\/th>\n<th style=\"width: 99px; height: 24px;\">Taldea<\/th>\n<\/tr>\n<tr style=\"height: 24px;\">\n<td style=\"width: 73px; height: 24px;\" headers=\"110\"><\/td>\n<td style=\"width: 297px; height: 24px;\" headers=\"111\"><strong>Eskubide osoko kideak<\/strong><\/td>\n<td style=\"width: 99px; height: 24px;\" headers=\"112\"><\/td>\n<\/tr>\n<tr style=\"height: 24px;\">\n<td style=\"width: 73px; height: 24px;\" headers=\"110\">Alkatea<\/td>\n<td style=\"width: 297px; height: 24px;\" headers=\"111\">Iker Mariezcurrena Celaya<\/td>\n<td style=\"width: 99px; height: 24px;\" headers=\"112\"><acronym title=\"Partido Socialista de Navarra\">EH BILDU<br \/>\n<\/acronym><\/td>\n<\/tr>\n<tr style=\"height: 56px;\">\n<td style=\"width: 73px; height: 56px;\" headers=\"110\">Zinegotzia<\/td>\n<td style=\"width: 297px; height: 56px;\" headers=\"111\">M\u00aa Sagrario Ortigosa Lekunberri<\/td>\n<td style=\"width: 99px; height: 56px;\" headers=\"112\"><acronym title=\"Partido Socialista de Navarra\">EH BILDU<\/acronym><\/td>\n<\/tr>\n<tr style=\"height: 53px;\">\n<td style=\"width: 73px; height: 53px;\" headers=\"110\">Zinegotzia<\/td>\n<td style=\"width: 297px; height: 53px;\" headers=\"111\">Felix Jos\u00e9 Puyo Rebollo<br \/>\n<strong><em>(2. Alkateordea)<\/em><\/strong><\/td>\n<td style=\"width: 99px; height: 53px;\" headers=\"112\">EH BILDU<\/td>\n<\/tr>\n<tr style=\"height: 48px;\">\n<td style=\"width: 73px; height: 48px;\" headers=\"110\">Zinegotzia<\/td>\n<td style=\"width: 297px; height: 48px;\" headers=\"111\">M\u00aa Carmen Nadales Ram\u00edrez<br \/>\n<strong><em>(1. Alkateordea)<\/em><\/strong><\/td>\n<td style=\"width: 99px; height: 48px;\" headers=\"112\">EH BILDU<\/td>\n<\/tr>\n<tr style=\"height: 24px;\">\n<td style=\"width: 73px; height: 24px;\" headers=\"110\">Zinegotzia<\/td>\n<td style=\"width: 297px; height: 24px;\" headers=\"111\">Jos\u00e9 Francisco Iraizoz Aguerri<\/td>\n<td style=\"width: 99px; height: 24px;\" headers=\"112\">EH BILDU<\/td>\n<\/tr>\n<\/tbody>\n<\/table>\n<h3><\/h3>\n<p>&nbsp;<\/p>\n<p><strong>4. UDALEKO TALDE POLITIKOEN HELBIDE ELEKTRONIKOAK<\/strong><\/p>\n<table style=\"height: 266px;\" border=\"1\" summary=\"Direcciones de correo de los Grupos Pol\u00edticos\" width=\"572\">\n<tbody>\n<tr style=\"height: 26px;\">\n<th style=\"width: 295.02px; height: 26px;\">Udal taldea<\/th>\n<th style=\"width: 260.98px; height: 26px;\">Helbide elektronikoak<\/th>\n<\/tr>\n<tr style=\"height: 26px;\">\n<td style=\"width: 295.02px; height: 26px;\" headers=\"100\">EH BILDU<\/td>\n<td style=\"width: 260.98px; height: 26px;\" headers=\"101\"><a title=\"Abrir\u00e1 su cliente de correo predeterminado\" href=\"mailto:ehbildu@berriozar.es\" target=\"_blank\" rel=\"noopener\">ehbildu@berriozar.es<\/a><\/td>\n<\/tr>\n<tr style=\"height: 24px;\">\n<td style=\"width: 295.02px; height: 24px;\">PPN<\/td>\n<td style=\"width: 260.98px; height: 24px;\"><a href=\"mailto:ppn@berriozar.es\" target=\"_blank\" rel=\"noopener\">ppn@berriozar.es<\/a><\/td>\n<\/tr>\n<tr style=\"height: 26px;\">\n<td style=\"width: 295.02px; height: 26px;\" headers=\"100\">UPN<\/td>\n<td style=\"width: 260.98px; height: 26px;\" headers=\"101\"><a href=\"mailto:upn@berriozar.es\" target=\"_blank\" rel=\"noopener\">upn@berriozar.es<\/a><\/td>\n<\/tr>\n<tr style=\"height: 26px;\">\n<td style=\"width: 295.02px; height: 26px;\" headers=\"100\">PSN<\/td>\n<td style=\"width: 260.98px; height: 26px;\" headers=\"101\"><a title=\"Abrir\u00e1 su cliente de correo predeterminado\" href=\"mailto:psn@berriozar.es\" target=\"_blank\" rel=\"noopener\">psn@berriozar.es<\/a><\/td>\n<\/tr>\n<tr style=\"height: 26px;\">\n<td style=\"width: 295.02px; height: 26px;\" headers=\"100\">CONTIGO-ZUREKIN<\/td>\n<td style=\"width: 260.98px; height: 26px;\" headers=\"101\"><a href=\"mailto:contigozurekin@berriozar.es\" target=\"_blank\" rel=\"noopener\">contigozurekin@berriozar.es<\/a><\/td>\n<\/tr>\n<\/tbody>\n<\/table>\n<p>&nbsp;<\/p>\n","protected":false},"excerpt":{"rendered":"<p>1. ALKATETZA Kargua Izen-abizenak Taldea Alkatea \u00a0Iker Mariezcurrena Celaya EH BILDU &nbsp; 2.\u00a0UDALBATZA \/ OSOKO BILKURA Kargua Izen-abizenak Taldea Alkatea Iker Mariezcurrena Celaya EH BILDU Zinegotzia Mar\u00eda Sagrario Ortigosa Lekunberri EH BILDU Zinegotzia Asier Zafra Elorza EH BILDU Zinegotzia Saioa Izura Azanza EH BILDU Zinegotzia Felix Jos\u00e9 Puyo Rebollo EH BILDU Zinegotzia Mar\u00eda Carmen Nadales [&hellip;]<\/p>\n","protected":false},"author":36,"featured_media":0,"parent":29347,"menu_order":8,"comment_status":"closed","ping_status":"closed","template":"","meta":{"_exactmetrics_skip_tracking":false,"_exactmetrics_sitenote_active":false,"_exactmetrics_sitenote_note":"","_exactmetrics_sitenote_category":0,"footnotes":""},"yoast_head":"<!-- This site is optimized with the Yoast SEO plugin v22.8 - https:\/\/yoast.com\/wordpress\/plugins\/seo\/ -->\r\n<title>Gobernu organoak - Ayuntamiento de Berriozar \/ Berriozarko Udala<\/title>\r\n<meta name=\"robots\" content=\"index, follow, max-snippet:-1, max-image-preview:large, max-video-preview:-1\" \/>\r\n<link rel=\"canonical\" href=\"https:\/\/www.berriozar.es\/eu\/udala\/udal-antolaketa\/gobernu-organoak\/\" \/>\r\n<meta property=\"og:locale\" content=\"eu_ES\" \/>\r\n<meta property=\"og:type\" content=\"article\" \/>\r\n<meta property=\"og:title\" content=\"Gobernu organoak - Ayuntamiento de Berriozar \/ Berriozarko Udala\" \/>\r\n<meta property=\"og:description\" content=\"1. ALKATETZA Kargua Izen-abizenak Taldea Alkatea \u00a0Iker Mariezcurrena Celaya EH BILDU &nbsp; 2.\u00a0UDALBATZA \/ OSOKO BILKURA Kargua Izen-abizenak Taldea Alkatea Iker Mariezcurrena Celaya EH BILDU Zinegotzia Mar\u00eda Sagrario Ortigosa Lekunberri EH BILDU Zinegotzia Asier Zafra Elorza EH BILDU Zinegotzia Saioa Izura Azanza EH BILDU Zinegotzia Felix Jos\u00e9 Puyo Rebollo EH BILDU Zinegotzia Mar\u00eda Carmen Nadales [&hellip;]\" \/>\r\n<meta property=\"og:url\" content=\"https:\/\/www.berriozar.es\/eu\/udala\/udal-antolaketa\/gobernu-organoak\/\" \/>\r\n<meta property=\"og:site_name\" content=\"Ayuntamiento de Berriozar \/ Berriozarko Udala\" \/>\r\n<meta property=\"article:modified_time\" content=\"2026-03-06T16:42:55+00:00\" \/>\r\n<meta name=\"twitter:card\" content=\"summary_large_image\" \/>\r\n<meta name=\"twitter:label1\" content=\"Est. reading time\" \/>\n\t<meta name=\"twitter:data1\" content=\"1 minute\" \/>\r\n<script type=\"application\/ld+json\" class=\"yoast-schema-graph\">{\"@context\":\"https:\/\/schema.org\",\"@graph\":[{\"@type\":\"WebPage\",\"@id\":\"https:\/\/www.berriozar.es\/eu\/udala\/udal-antolaketa\/gobernu-organoak\/\",\"url\":\"https:\/\/www.berriozar.es\/eu\/udala\/udal-antolaketa\/gobernu-organoak\/\",\"name\":\"Gobernu organoak - Ayuntamiento de Berriozar \/ Berriozarko Udala\",\"isPartOf\":{\"@id\":\"https:\/\/www.berriozar.es\/#website\"},\"datePublished\":\"2012-10-17T11:01:24+00:00\",\"dateModified\":\"2026-03-06T16:42:55+00:00\",\"breadcrumb\":{\"@id\":\"https:\/\/www.berriozar.es\/eu\/udala\/udal-antolaketa\/gobernu-organoak\/#breadcrumb\"},\"inLanguage\":\"eu-ES\",\"potentialAction\":[{\"@type\":\"ReadAction\",\"target\":[\"https:\/\/www.berriozar.es\/eu\/udala\/udal-antolaketa\/gobernu-organoak\/\"]}]},{\"@type\":\"BreadcrumbList\",\"@id\":\"https:\/\/www.berriozar.es\/eu\/udala\/udal-antolaketa\/gobernu-organoak\/#breadcrumb\",\"itemListElement\":[{\"@type\":\"ListItem\",\"position\":1,\"name\":\"Portada\",\"item\":\"https:\/\/www.berriozar.es\/\"},{\"@type\":\"ListItem\",\"position\":2,\"name\":\"Udala\",\"item\":\"https:\/\/www.berriozar.es\/eu\/udala\/\"},{\"@type\":\"ListItem\",\"position\":3,\"name\":\"Udal antolaketa\",\"item\":\"https:\/\/www.berriozar.es\/eu\/udala\/udal-antolaketa\/\"},{\"@type\":\"ListItem\",\"position\":4,\"name\":\"Gobernu organoak\"}]},{\"@type\":\"WebSite\",\"@id\":\"https:\/\/www.berriozar.es\/#website\",\"url\":\"https:\/\/www.berriozar.es\/\",\"name\":\"Ayuntamiento de Berriozar \/ Berriozarko Udala\",\"description\":\"Ayuntamiento de Berriozar \/ Berriozarko Udala\",\"potentialAction\":[{\"@type\":\"SearchAction\",\"target\":{\"@type\":\"EntryPoint\",\"urlTemplate\":\"https:\/\/www.berriozar.es\/?s={search_term_string}\"},\"query-input\":\"required name=search_term_string\"}],\"inLanguage\":\"eu-ES\"}]}<\/script>\r\n<!-- \/ Yoast SEO plugin. -->","yoast_head_json":{"title":"Gobernu organoak - Ayuntamiento de Berriozar \/ Berriozarko Udala","robots":{"index":"index","follow":"follow","max-snippet":"max-snippet:-1","max-image-preview":"max-image-preview:large","max-video-preview":"max-video-preview:-1"},"canonical":"https:\/\/www.berriozar.es\/eu\/udala\/udal-antolaketa\/gobernu-organoak\/","og_locale":"eu_ES","og_type":"article","og_title":"Gobernu organoak - Ayuntamiento de Berriozar \/ Berriozarko Udala","og_description":"1. ALKATETZA Kargua Izen-abizenak Taldea Alkatea \u00a0Iker Mariezcurrena Celaya EH BILDU &nbsp; 2.\u00a0UDALBATZA \/ OSOKO BILKURA Kargua Izen-abizenak Taldea Alkatea Iker Mariezcurrena Celaya EH BILDU Zinegotzia Mar\u00eda Sagrario Ortigosa Lekunberri EH BILDU Zinegotzia Asier Zafra Elorza EH BILDU Zinegotzia Saioa Izura Azanza EH BILDU Zinegotzia Felix Jos\u00e9 Puyo Rebollo EH BILDU Zinegotzia Mar\u00eda Carmen Nadales [&hellip;]","og_url":"https:\/\/www.berriozar.es\/eu\/udala\/udal-antolaketa\/gobernu-organoak\/","og_site_name":"Ayuntamiento de Berriozar \/ Berriozarko Udala","article_modified_time":"2026-03-06T16:42:55+00:00","twitter_card":"summary_large_image","twitter_misc":{"Est. reading time":"1 minute"},"schema":{"@context":"https:\/\/schema.org","@graph":[{"@type":"WebPage","@id":"https:\/\/www.berriozar.es\/eu\/udala\/udal-antolaketa\/gobernu-organoak\/","url":"https:\/\/www.berriozar.es\/eu\/udala\/udal-antolaketa\/gobernu-organoak\/","name":"Gobernu organoak - Ayuntamiento de Berriozar \/ Berriozarko Udala","isPartOf":{"@id":"https:\/\/www.berriozar.es\/#website"},"datePublished":"2012-10-17T11:01:24+00:00","dateModified":"2026-03-06T16:42:55+00:00","breadcrumb":{"@id":"https:\/\/www.berriozar.es\/eu\/udala\/udal-antolaketa\/gobernu-organoak\/#breadcrumb"},"inLanguage":"eu-ES","potentialAction":[{"@type":"ReadAction","target":["https:\/\/www.berriozar.es\/eu\/udala\/udal-antolaketa\/gobernu-organoak\/"]}]},{"@type":"BreadcrumbList","@id":"https:\/\/www.berriozar.es\/eu\/udala\/udal-antolaketa\/gobernu-organoak\/#breadcrumb","itemListElement":[{"@type":"ListItem","position":1,"name":"Portada","item":"https:\/\/www.berriozar.es\/"},{"@type":"ListItem","position":2,"name":"Udala","item":"https:\/\/www.berriozar.es\/eu\/udala\/"},{"@type":"ListItem","position":3,"name":"Udal antolaketa","item":"https:\/\/www.berriozar.es\/eu\/udala\/udal-antolaketa\/"},{"@type":"ListItem","position":4,"name":"Gobernu organoak"}]},{"@type":"WebSite","@id":"https:\/\/www.berriozar.es\/#website","url":"https:\/\/www.berriozar.es\/","name":"Ayuntamiento de Berriozar \/ Berriozarko Udala","description":"Ayuntamiento de Berriozar \/ Berriozarko Udala","potentialAction":[{"@type":"SearchAction","target":{"@type":"EntryPoint","urlTemplate":"https:\/\/www.berriozar.es\/?s={search_term_string}"},"query-input":"required name=search_term_string"}],"inLanguage":"eu-ES"}]}},"_links":{"self":[{"href":"https:\/\/www.berriozar.es\/eu\/wp-json\/wp\/v2\/pages\/29353"}],"collection":[{"href":"https:\/\/www.berriozar.es\/eu\/wp-json\/wp\/v2\/pages"}],"about":[{"href":"https:\/\/www.berriozar.es\/eu\/wp-json\/wp\/v2\/types\/page"}],"author":[{"embeddable":true,"href":"https:\/\/www.berriozar.es\/eu\/wp-json\/wp\/v2\/users\/36"}],"replies":[{"embeddable":true,"href":"https:\/\/www.berriozar.es\/eu\/wp-json\/wp\/v2\/comments?post=29353"}],"version-history":[{"count":19,"href":"https:\/\/www.berriozar.es\/eu\/wp-json\/wp\/v2\/pages\/29353\/revisions"}],"predecessor-version":[{"id":41418,"href":"https:\/\/www.berriozar.es\/eu\/wp-json\/wp\/v2\/pages\/29353\/revisions\/41418"}],"up":[{"embeddable":true,"href":"https:\/\/www.berriozar.es\/eu\/wp-json\/wp\/v2\/pages\/29347"}],"wp:attachment":[{"href":"https:\/\/www.berriozar.es\/eu\/wp-json\/wp\/v2\/media?parent=29353"}],"curies":[{"name":"wp","href":"https:\/\/api.w.org\/{rel}","templated":true}]}}